{"id":6744,"date":"2019-11-04T05:27:38","date_gmt":"2019-11-04T04:27:38","guid":{"rendered":"http:\/\/www.aimc.mms.mc\/association\/le-mot-de-la-presidente.html"},"modified":"2019-11-04T08:31:44","modified_gmt":"2019-11-04T07:31:44","slug":"mot-de-la-presidente","status":"publish","type":"page","link":"https:\/\/www.actioninnocencemonaco.com\/fr\/association\/mot-de-la-presidente\/","title":{"rendered":"Le Mot de la Pr\u00e9sidente"},"content":{"rendered":"<p>[vc_row][vc_column]<h1 class=\"hr-title\">Le Mot de la Pr\u00e9sidente<\/h1>[ultimate_spacer height=\u00a0\u00bb10&Prime;][\/vc_column][\/vc_row][vc_row][vc_column][vc_column_text]Je tiens \u00e0 remercier tous ceux qui ont contribu\u00e9 depuis la cr\u00e9ation d\u2019Action Innocence Monaco par leur talent, leur travail, leur g\u00e9n\u00e9rosit\u00e9, leur d\u00e9termination et leur soutien \u00e0 la r\u00e9ussite et \u00e0 la poursuite de notre action.<\/p>\n<p>Depuis&nbsp; 2002, notre association a toujours b\u00e9n\u00e9fici\u00e9 d\u2019une grande bienveillance de la part de notre Souverain le Prince Albert II, et nous l\u2019en remercions chaleureusement ainsi que le Gouvernement Princier de la Principaut\u00e9 et tout particuli\u00e8rement la Direction de l&rsquo;Education Nationale de la Jeunesse et des Sports et la S\u00fbret\u00e9 Publique.<\/p>\n<p>Internet, ce formidable&nbsp; outil de&nbsp; communication, est&nbsp; pr\u00e9sent dans&nbsp; tous les&nbsp; foyers via&nbsp; l&rsquo;ordinateur mais aussi via le t\u00e9l\u00e9phone portable. Il est devenu le vecteur de&nbsp; communication favori de nos enfants.<\/p>\n<p>La mission premi\u00e8re de l\u2019Association a \u00e9t\u00e9 de pointer du doigt les d\u00e9rives naissantes de cet outil d\u2019\u00e9change et de communication et de d\u00e9noncer ce qui se pr\u00e9parait en mati\u00e8re de p\u00e9docriminalit\u00e9 sur Internet. Action Innocence Monaco lutte pour pr\u00e9server la dignit\u00e9 et l\u2019int\u00e9grit\u00e9 des enfants sur Internet en formant, notamment, les jeunes internautes \u00e0 un usage s\u00e9curis\u00e9 mais aussi civique de cet outil incontournable et en les sensibilisant aux diff\u00e9rents risques tels que : les images choquantes, le cyber harc\u00e8lement,&nbsp; la diffusion voire le d\u00e9tournement d\u2019informations personnelles, le sexting, le happy slapping, le d\u00e9dipix, etc \u2026<\/p>\n<p>Notre Association en \u00e9troite collaboration avec la Direction de l&rsquo;Education Nationale de la Jeunesse et des Sports propose un programme de pr\u00e9vention \u00e0 l\u2019attention des enfants et des adolescents au sein des \u00e9tablissements scolaires en Principaut\u00e9.&nbsp; Nous intervenons \u00e9galement sur simple demande des \u00e9tablissements scolaires en France. Les sessions de pr\u00e9vention sont anim\u00e9es par des psychologues et visent essentiellement \u00e0 d\u00e9velopper le sens critique des jeunes en soulignant le fait que, sur Internet, le meilleur c\u00f4toie le pire, ceci \u00e9tant li\u00e9 \u00e0 la difficult\u00e9 de contr\u00f4ler son contenu de mani\u00e8re efficace.<\/p>\n<p>Parall\u00e8lement, l\u2019Association vise \u00e0 sensibiliser les parents et les enseignants en proposant des campagnes d\u2019information. Internet, tout en ayant permis un acc\u00e8s facilit\u00e9 au savoir, a complexifi\u00e9, en contrepartie, le r\u00f4le \u00e9ducatif des adultes.<\/p>\n<p>Depuis 12 ans, nous avons sensibilis\u00e9 aux dangers d\u2019internet plus de 350 000 enfants et 8 000 parents et professionnels de l\u2019\u00e9ducation et de la sant\u00e9.<\/p>\n<p>Nous travaillons \u00e9galement en \u00e9troite collaboration avec les services de police en leur fournissant gratuitement des logiciels de traque de fichiers illicites et travaillons pour promouvoir des nouvelles lois aupr\u00e8s du Gouvernement pour combattre les d\u00e9rives.<\/p>\n<p>Mais ces succ\u00e8s ne doivent pas nous faire oublier que chaque jour des milliers d\u2019images d\u2019enfants sexuellement abus\u00e9s sont diffus\u00e9es ou \u00e9chang\u00e9es sur le Net qui est un v\u00e9hicule facile pour des d\u00e9s\u00e9quilibr\u00e9s qui s\u2019attaquent aveugl\u00e9ment \u00e0 des enfants ou des adolescents dans une presque totale impunit\u00e9.<\/p>\n<p>Par ailleurs, malgr\u00e9 tous nos efforts les parents ne se mobilisent pas autant qu\u2019ils le pourraient. Or, ce dialogue parents-enfants autour d\u2019internet est indispensable.[\/vc_column_text][vc_single_image image=\u00a0\u00bb6747&Prime; img_size=\u00a0\u00bbfull\u00a0\u00bb alignment=\u00a0\u00bbright\u00a0\u00bb style=\u00a0\u00bbvc_box_rounded\u00a0\u00bb][vc_single_image image=\u00a0\u00bb6745&Prime; img_size=\u00a0\u00bbfull\u00a0\u00bb alignment=\u00a0\u00bbright\u00a0\u00bb][vc_column_text]<\/p>\n<p style=\"text-align: right;\">Louisette Levy-Soussan Azzoaglio<br \/>\nPr\u00e9sidente Action Innocence Monaco<\/p>\n<p>[\/vc_column_text][\/vc_column][\/vc_row][vc_row][vc_column css=\u00a0\u00bb.vc_custom_1570804661827{margin-top: 50px !important;}\u00a0\u00bb][vc_column_text]<\/p>\n<h6 style=\"text-align: center;\"><em>Oui \u00e0 L\u2019Internet, Non \u00e0 ses dangers !<\/em><\/h6>\n<p>[\/vc_column_text][\/vc_column][\/vc_row]<\/p>\n","protected":false},"excerpt":{"rendered":"<p>[vc_row][vc_column][ultimate_spacer height=\u00a0\u00bb10&Prime;][\/vc_column][\/vc_row][vc_row][vc_column][vc_column_text]Je tiens \u00e0 remercier tous ceux qui ont contribu\u00e9 depuis la cr\u00e9ation d\u2019Action Innocence Monaco par leur talent, leur travail, leur g\u00e9n\u00e9rosit\u00e9, leur d\u00e9termination et leur soutien \u00e0 la r\u00e9ussite et \u00e0 la poursuite de notre action. Depuis&nbsp; 2002, notre association a toujours b\u00e9n\u00e9fici\u00e9 d\u2019une grande bienveillance de la part de notre Souverain le [&hellip;]<\/p>\n","protected":false},"author":1,"featured_media":0,"parent":6714,"menu_order":0,"comment_status":"open","ping_status":"closed","template":"","meta":{"_bbp_topic_count":0,"_bbp_reply_count":0,"_bbp_total_topic_count":0,"_bbp_total_reply_count":0,"_bbp_voice_count":0,"_bbp_anonymous_reply_count":0,"_bbp_topic_count_hidden":0,"_bbp_reply_count_hidden":0,"_bbp_forum_subforum_count":0,"ngg_post_thumbnail":0,"_themeisle_gutenberg_block_has_review":false,"footnotes":""},"yoast_head":"<!-- This site is optimized with the Yoast SEO plugin v22.6 - https:\/\/yoast.com\/wordpress\/plugins\/seo\/ -->\n<title>Le Mot de la Pr\u00e9sidente - Action Innocence Monaco<\/title>\n<meta name=\"description\" content=\"Action Innocence Monaco informe et de sensibilise les jeunes, les parents et les professionnels sur les risques et les d\u00e9rives li\u00e9s \u00e0 l\u2019usage d\u2019Internet et lutte contre la p\u00e9docriminalit\u00e9 sur Internet.\" class=\"yoast-seo-meta-tag\" \/>\n<meta name=\"robots\" content=\"index, follow, max-snippet:-1, max-image-preview:large, max-video-preview:-1\" \/>\n<link rel=\"canonical\" href=\"https:\/\/www.actioninnocencemonaco.com\/fr\/association\/mot-de-la-presidente\/\" class=\"yoast-seo-meta-tag\" \/>\n<meta property=\"og:locale\" content=\"fr_FR\" class=\"yoast-seo-meta-tag\" \/>\n<meta property=\"og:type\" content=\"article\" class=\"yoast-seo-meta-tag\" \/>\n<meta property=\"og:title\" content=\"Le Mot de la Pr\u00e9sidente - Action Innocence Monaco\" class=\"yoast-seo-meta-tag\" \/>\n<meta property=\"og:description\" content=\"Action Innocence Monaco informe et de sensibilise les jeunes, les parents et les professionnels sur les risques et les d\u00e9rives li\u00e9s \u00e0 l\u2019usage d\u2019Internet et lutte contre la p\u00e9docriminalit\u00e9 sur Internet.\" class=\"yoast-seo-meta-tag\" \/>\n<meta property=\"og:url\" content=\"https:\/\/www.actioninnocencemonaco.com\/fr\/association\/mot-de-la-presidente\/\" class=\"yoast-seo-meta-tag\" \/>\n<meta property=\"og:site_name\" content=\"Action Innocence Monaco\" class=\"yoast-seo-meta-tag\" \/>\n<meta property=\"article:publisher\" content=\"https:\/\/www.facebook.com\/actioninnocencemonaco\" class=\"yoast-seo-meta-tag\" \/>\n<meta property=\"article:modified_time\" content=\"2019-11-04T07:31:44+00:00\" class=\"yoast-seo-meta-tag\" \/>\n<meta property=\"og:image\" content=\"https:\/\/mluscajs1eaw.i.optimole.com\/cb:cWFf.40cfa\/w:250\/h:94\/q:mauto\/ig:avif\/f:best\/https:\/\/www.actioninnocencemonaco.com\/wp-content\/uploads\/2021\/02\/logo.png\" class=\"yoast-seo-meta-tag\" \/>\n\t<meta property=\"og:image:width\" content=\"250\" class=\"yoast-seo-meta-tag\" \/>\n\t<meta property=\"og:image:height\" content=\"94\" class=\"yoast-seo-meta-tag\" \/>\n\t<meta property=\"og:image:type\" content=\"image\/png\" class=\"yoast-seo-meta-tag\" \/>\n<meta name=\"twitter:card\" content=\"summary_large_image\" class=\"yoast-seo-meta-tag\" \/>\n<meta name=\"twitter:site\" content=\"@ActionMonaco\" class=\"yoast-seo-meta-tag\" \/>\n<meta name=\"twitter:label1\" content=\"Dur\u00e9e de lecture estim\u00e9e\" class=\"yoast-seo-meta-tag\" \/>\n\t<meta name=\"twitter:data1\" content=\"3 minutes\" class=\"yoast-seo-meta-tag\" \/>\n<script type=\"application\/ld+json\" class=\"yoast-schema-graph\">{\"@context\":\"https:\/\/schema.org\",\"@graph\":[{\"@type\":\"WebPage\",\"@id\":\"https:\/\/www.actioninnocencemonaco.com\/fr\/association\/mot-de-la-presidente\/\",\"url\":\"https:\/\/www.actioninnocencemonaco.com\/fr\/association\/mot-de-la-presidente\/\",\"name\":\"Le Mot de la Pr\u00e9sidente - Action Innocence Monaco\",\"isPartOf\":{\"@id\":\"https:\/\/www.actioninnocencemonaco.com\/fr\/#website\"},\"datePublished\":\"2019-11-04T04:27:38+00:00\",\"dateModified\":\"2019-11-04T07:31:44+00:00\",\"description\":\"Action Innocence Monaco informe et de sensibilise les jeunes, les parents et les professionnels sur les risques et les d\u00e9rives li\u00e9s \u00e0 l\u2019usage d\u2019Internet et lutte contre la p\u00e9docriminalit\u00e9 sur Internet.\",\"breadcrumb\":{\"@id\":\"https:\/\/www.actioninnocencemonaco.com\/fr\/association\/mot-de-la-presidente\/#breadcrumb\"},\"inLanguage\":\"fr-FR\",\"potentialAction\":[{\"@type\":\"ReadAction\",\"target\":[\"https:\/\/www.actioninnocencemonaco.com\/fr\/association\/mot-de-la-presidente\/\"]}]},{\"@type\":\"BreadcrumbList\",\"@id\":\"https:\/\/www.actioninnocencemonaco.com\/fr\/association\/mot-de-la-presidente\/#breadcrumb\",\"itemListElement\":[{\"@type\":\"ListItem\",\"position\":1,\"name\":\"Accueil\",\"item\":\"https:\/\/www.actioninnocencemonaco.com\/fr\/\"},{\"@type\":\"ListItem\",\"position\":2,\"name\":\"AIMC &#8211; 1 &#8211; Association\",\"item\":\"https:\/\/www.actioninnocencemonaco.com\/fr\/association\/\"},{\"@type\":\"ListItem\",\"position\":3,\"name\":\"Le Mot de la Pr\u00e9sidente\"}]},{\"@type\":\"WebSite\",\"@id\":\"https:\/\/www.actioninnocencemonaco.com\/fr\/#website\",\"url\":\"https:\/\/www.actioninnocencemonaco.com\/fr\/\",\"name\":\"Action Innocence Monaco\",\"description\":\"Oui \u00e0 L\u2019Internet, Non \u00e0 ses dangers !\",\"publisher\":{\"@id\":\"https:\/\/www.actioninnocencemonaco.com\/fr\/#organization\"},\"potentialAction\":[{\"@type\":\"SearchAction\",\"target\":{\"@type\":\"EntryPoint\",\"urlTemplate\":\"https:\/\/www.actioninnocencemonaco.com\/fr\/?s={search_term_string}\"},\"query-input\":\"required name=search_term_string\"}],\"inLanguage\":\"fr-FR\"},{\"@type\":\"Organization\",\"@id\":\"https:\/\/www.actioninnocencemonaco.com\/fr\/#organization\",\"name\":\"Action Innocence Monaco\",\"url\":\"https:\/\/www.actioninnocencemonaco.com\/fr\/\",\"logo\":{\"@type\":\"ImageObject\",\"inLanguage\":\"fr-FR\",\"@id\":\"https:\/\/www.actioninnocencemonaco.com\/fr\/#\/schema\/logo\/image\/\",\"url\":\"https:\/\/mluscajs1eaw.i.optimole.com\/cb:cWFf.40cfa\/w:auto\/h:auto\/q:mauto\/ig:avif\/f:best\/https:\/\/www.actioninnocencemonaco.com\/wp-content\/uploads\/2019\/10\/logo.png\",\"contentUrl\":\"https:\/\/mluscajs1eaw.i.optimole.com\/cb:cWFf.40cfa\/w:auto\/h:auto\/q:mauto\/ig:avif\/f:best\/https:\/\/www.actioninnocencemonaco.com\/wp-content\/uploads\/2019\/10\/logo.png\",\"width\":250,\"height\":94,\"caption\":\"Action Innocence Monaco\"},\"image\":{\"@id\":\"https:\/\/www.actioninnocencemonaco.com\/fr\/#\/schema\/logo\/image\/\"},\"sameAs\":[\"https:\/\/www.facebook.com\/actioninnocencemonaco\",\"https:\/\/x.com\/ActionMonaco\",\"https:\/\/www.instagram.com\/action_innocence_monaco\/\",\"https:\/\/www.linkedin.com\/in\/action-innocence-monaco-29219a198\",\"https:\/\/www.youtube.com\/channel\/UCgDybl4ueHSrLRc0_9E1R8g\"]}]}<\/script>\n<!-- \/ Yoast SEO plugin. -->","yoast_head_json":{"title":"Le Mot de la Pr\u00e9sidente - Action Innocence Monaco","description":"Action Innocence Monaco informe et de sensibilise les jeunes, les parents et les professionnels sur les risques et les d\u00e9rives li\u00e9s \u00e0 l\u2019usage d\u2019Internet et lutte contre la p\u00e9docriminalit\u00e9 sur Internet.","robots":{"index":"index","follow":"follow","max-snippet":"max-snippet:-1","max-image-preview":"max-image-preview:large","max-video-preview":"max-video-preview:-1"},"canonical":"https:\/\/www.actioninnocencemonaco.com\/fr\/association\/mot-de-la-presidente\/","og_locale":"fr_FR","og_type":"article","og_title":"Le Mot de la Pr\u00e9sidente - Action Innocence Monaco","og_description":"Action Innocence Monaco informe et de sensibilise les jeunes, les parents et les professionnels sur les risques et les d\u00e9rives li\u00e9s \u00e0 l\u2019usage d\u2019Internet et lutte contre la p\u00e9docriminalit\u00e9 sur Internet.","og_url":"https:\/\/www.actioninnocencemonaco.com\/fr\/association\/mot-de-la-presidente\/","og_site_name":"Action Innocence Monaco","article_publisher":"https:\/\/www.facebook.com\/actioninnocencemonaco","article_modified_time":"2019-11-04T07:31:44+00:00","og_image":[{"width":250,"height":94,"url":"https:\/\/mluscajs1eaw.i.optimole.com\/cb:cWFf.40cfa\/w:250\/h:94\/q:mauto\/ig:avif\/f:best\/https:\/\/www.actioninnocencemonaco.com\/wp-content\/uploads\/2021\/02\/logo.png","type":"image\/png"}],"twitter_card":"summary_large_image","twitter_site":"@ActionMonaco","twitter_misc":{"Dur\u00e9e de lecture estim\u00e9e":"3 minutes"},"schema":{"@context":"https:\/\/schema.org","@graph":[{"@type":"WebPage","@id":"https:\/\/www.actioninnocencemonaco.com\/fr\/association\/mot-de-la-presidente\/","url":"https:\/\/www.actioninnocencemonaco.com\/fr\/association\/mot-de-la-presidente\/","name":"Le Mot de la Pr\u00e9sidente - Action Innocence Monaco","isPartOf":{"@id":"https:\/\/www.actioninnocencemonaco.com\/fr\/#website"},"datePublished":"2019-11-04T04:27:38+00:00","dateModified":"2019-11-04T07:31:44+00:00","description":"Action Innocence Monaco informe et de sensibilise les jeunes, les parents et les professionnels sur les risques et les d\u00e9rives li\u00e9s \u00e0 l\u2019usage d\u2019Internet et lutte contre la p\u00e9docriminalit\u00e9 sur Internet.","breadcrumb":{"@id":"https:\/\/www.actioninnocencemonaco.com\/fr\/association\/mot-de-la-presidente\/#breadcrumb"},"inLanguage":"fr-FR","potentialAction":[{"@type":"ReadAction","target":["https:\/\/www.actioninnocencemonaco.com\/fr\/association\/mot-de-la-presidente\/"]}]},{"@type":"BreadcrumbList","@id":"https:\/\/www.actioninnocencemonaco.com\/fr\/association\/mot-de-la-presidente\/#breadcrumb","itemListElement":[{"@type":"ListItem","position":1,"name":"Accueil","item":"https:\/\/www.actioninnocencemonaco.com\/fr\/"},{"@type":"ListItem","position":2,"name":"AIMC &#8211; 1 &#8211; Association","item":"https:\/\/www.actioninnocencemonaco.com\/fr\/association\/"},{"@type":"ListItem","position":3,"name":"Le Mot de la Pr\u00e9sidente"}]},{"@type":"WebSite","@id":"https:\/\/www.actioninnocencemonaco.com\/fr\/#website","url":"https:\/\/www.actioninnocencemonaco.com\/fr\/","name":"Action Innocence Monaco","description":"Oui \u00e0 L\u2019Internet, Non \u00e0 ses dangers !","publisher":{"@id":"https:\/\/www.actioninnocencemonaco.com\/fr\/#organization"},"potentialAction":[{"@type":"SearchAction","target":{"@type":"EntryPoint","urlTemplate":"https:\/\/www.actioninnocencemonaco.com\/fr\/?s={search_term_string}"},"query-input":"required name=search_term_string"}],"inLanguage":"fr-FR"},{"@type":"Organization","@id":"https:\/\/www.actioninnocencemonaco.com\/fr\/#organization","name":"Action Innocence Monaco","url":"https:\/\/www.actioninnocencemonaco.com\/fr\/","logo":{"@type":"ImageObject","inLanguage":"fr-FR","@id":"https:\/\/www.actioninnocencemonaco.com\/fr\/#\/schema\/logo\/image\/","url":"https:\/\/mluscajs1eaw.i.optimole.com\/cb:cWFf.40cfa\/w:auto\/h:auto\/q:mauto\/ig:avif\/f:best\/https:\/\/www.actioninnocencemonaco.com\/wp-content\/uploads\/2019\/10\/logo.png","contentUrl":"https:\/\/mluscajs1eaw.i.optimole.com\/cb:cWFf.40cfa\/w:auto\/h:auto\/q:mauto\/ig:avif\/f:best\/https:\/\/www.actioninnocencemonaco.com\/wp-content\/uploads\/2019\/10\/logo.png","width":250,"height":94,"caption":"Action Innocence Monaco"},"image":{"@id":"https:\/\/www.actioninnocencemonaco.com\/fr\/#\/schema\/logo\/image\/"},"sameAs":["https:\/\/www.facebook.com\/actioninnocencemonaco","https:\/\/x.com\/ActionMonaco","https:\/\/www.instagram.com\/action_innocence_monaco\/","https:\/\/www.linkedin.com\/in\/action-innocence-monaco-29219a198","https:\/\/www.youtube.com\/channel\/UCgDybl4ueHSrLRc0_9E1R8g"]}]}},"_links":{"self":[{"href":"https:\/\/www.actioninnocencemonaco.com\/fr\/wp-json\/wp\/v2\/pages\/6744\/"}],"collection":[{"href":"https:\/\/www.actioninnocencemonaco.com\/fr\/wp-json\/wp\/v2\/pages\/"}],"about":[{"href":"https:\/\/www.actioninnocencemonaco.com\/fr\/wp-json\/wp\/v2\/types\/page\/"}],"author":[{"embeddable":true,"href":"https:\/\/www.actioninnocencemonaco.com\/fr\/wp-json\/wp\/v2\/users\/1\/"}],"replies":[{"embeddable":true,"href":"https:\/\/www.actioninnocencemonaco.com\/fr\/wp-json\/wp\/v2\/comments\/?post=6744"}],"version-history":[{"count":0,"href":"https:\/\/www.actioninnocencemonaco.com\/fr\/wp-json\/wp\/v2\/pages\/6744\/revisions\/"}],"up":[{"embeddable":true,"href":"https:\/\/www.actioninnocencemonaco.com\/fr\/wp-json\/wp\/v2\/pages\/6714\/"}],"wp:attachment":[{"href":"https:\/\/www.actioninnocencemonaco.com\/fr\/wp-json\/wp\/v2\/media\/?parent=6744"}],"curies":[{"name":"wp","href":"https:\/\/api.w.org\/{rel}","templated":true}]}}