{"id":5823,"date":"2019-10-31T00:11:33","date_gmt":"2019-10-30T23:11:33","guid":{"rendered":"http:\/\/www.aimc.mms.mc\/?page_id=5823"},"modified":"2019-11-05T10:11:55","modified_gmt":"2019-11-05T09:11:55","slug":"photo-gallery","status":"publish","type":"page","link":"https:\/\/www.actioninnocencemonaco.com\/en\/galleries\/photo-gallery\/","title":{"rendered":"Photo Gallery"},"content":{"rendered":"<p>[vc_row][vc_column]<h1 class=\"hr-title\">Photo Gallery<\/h1>[ultimate_spacer height=&#8221;10&#8243;][\/vc_column][\/vc_row][vc_row][vc_column][vc_column_text]<\/p>\n<p><div class=\"ngg-albumoverview default-view\">\n            <div class=\"ngg-album-compact\">\n            <div class=\"ngg-album-compactbox\">\n                <div class=\"ngg-album-link\">\n                                                                <a title='2018 - Les Sapins d&#039;Action Innocence Monaco'\n                       href='https:\/\/www.actioninnocencemonaco.com\/fr\/2018-les-sapins-daction-innocence-monaco-2\/'>\n                            <img decoding=async  class=\"Thumb\"\n                                 alt=\"2018 - Les Sapins d&#039;Action Innocence Monaco\"\n                                 src=\"https:\/\/mluscajs1eaw.i.optimole.com\/cb:cWFf.40cfa\/w:auto\/h:auto\/q:mauto\/ig:avif\/f:best\/https:\/\/www.actioninnocencemonaco.com\/wp-content\/gallery\/2018-les-sapins-daction-innocence-monaco\/cache\/Image1.jpg-nggid03638-ngg0dyn-240x160x100-00f0w010c011r110f110r010t010.jpg\"\/>\n                        <\/a>\n                                                        <\/div>\n            <\/div>\n                        <h4>\n                <a class='ngg-album-desc' title='2018 - Les Sapins d&#039;Action Innocence Monaco'\n                       href='https:\/\/www.actioninnocencemonaco.com\/fr\/2018-les-sapins-daction-innocence-monaco-2\/'style=\"max-width: 260px\">2018 - Les Sapins d'Action Innocence Monaco<\/a>\n            <\/h4>\n            <p class=\"ngg-album-gallery-image-counter\">\n                                    <strong>33<\/strong>&nbsp;Photos                            <\/p>\n        <\/div>\n            <div class=\"ngg-album-compact\">\n            <div class=\"ngg-album-compactbox\">\n                <div class=\"ngg-album-link\">\n                                                                <a title='2017 - Les Sapins d&#039;Action Innocence Monaco'\n                       href='https:\/\/www.actioninnocencemonaco.com\/fr\/2017-les-sapins-daction-innocence-monaco\/'>\n                            <img decoding=async  class=\"Thumb\"\n                                 alt=\"2017 - Les Sapins d&#039;Action Innocence Monaco\"\n                                 src=\"https:\/\/mluscajs1eaw.i.optimole.com\/cb:cWFf.40cfa\/w:auto\/h:auto\/q:mauto\/ig:avif\/f:best\/https:\/\/www.actioninnocencemonaco.com\/wp-content\/gallery\/2017-les-sapins-daction-innocence-monaco\/cache\/Image1.jpg-nggid03603-ngg0dyn-240x160x100-00f0w010c011r110f110r010t010.jpg\"\/>\n                        <\/a>\n                                                        <\/div>\n            <\/div>\n                        <h4>\n                <a class='ngg-album-desc' title='2017 - Les Sapins d&#039;Action Innocence Monaco'\n                       href='https:\/\/www.actioninnocencemonaco.com\/fr\/2017-les-sapins-daction-innocence-monaco\/'style=\"max-width: 260px\">2017 - Les Sapins d'Action Innocence Monaco<\/a>\n            <\/h4>\n            <p class=\"ngg-album-gallery-image-counter\">\n                                    <strong>35<\/strong>&nbsp;Photos                            <\/p>\n        <\/div>\n            <div class=\"ngg-album-compact\">\n            <div class=\"ngg-album-compactbox\">\n                <div class=\"ngg-album-link\">\n                                                                <a title='2004 - Conf\u00e9rence Me Ben Soussan'\n                       href='https:\/\/www.actioninnocencemonaco.com\/fr\/2004-conference-me-ben-soussan\/'>\n                            <img decoding=async  class=\"Thumb\"\n                                 alt=\"2004 - Conf\u00e9rence Me Ben Soussan\"\n                                 src=\"https:\/\/mluscajs1eaw.i.optimole.com\/cb:cWFf.40cfa\/w:auto\/h:auto\/q:mauto\/ig:avif\/f:best\/https:\/\/www.actioninnocencemonaco.com\/wp-content\/gallery\/2004-conference-me-ben-soussan\/cache\/2004_conf-ben-soussan-01.jpg-nggid03592-ngg0dyn-240x160x100-00f0w010c011r110f110r010t010.jpg\"\/>\n                        <\/a>\n                                                        <\/div>\n            <\/div>\n                        <h4>\n                <a class='ngg-album-desc' title='2004 - Conf\u00e9rence Me Ben Soussan'\n                       href='https:\/\/www.actioninnocencemonaco.com\/fr\/2004-conference-me-ben-soussan\/'style=\"max-width: 260px\">2004 - Conf\u00e9rence Me Ben Soussan<\/a>\n            <\/h4>\n            <p class=\"ngg-album-gallery-image-counter\">\n                                    <strong>7<\/strong>&nbsp;Photos                            <\/p>\n        <\/div>\n            <div class=\"ngg-album-compact\">\n            <div class=\"ngg-album-compactbox\">\n                <div class=\"ngg-album-link\">\n                                                                <a title='2004 - Campagne d&#039;affichage Davil Coulthard'\n                       href='https:\/\/www.actioninnocencemonaco.com\/fr\/2004-campagne-daffichage-davil-coulthard\/'>\n                            <img decoding=async  class=\"Thumb\"\n                                 alt=\"2004 - Campagne d&#039;affichage Davil Coulthard\"\n                                 src=\"https:\/\/mluscajs1eaw.i.optimole.com\/cb:cWFf.40cfa\/w:auto\/h:auto\/q:mauto\/ig:avif\/f:best\/https:\/\/www.actioninnocencemonaco.com\/wp-content\/gallery\/2004-campagne-daffichage-davil-coulthard\/cache\/2004_coulthard-01.jpg-nggid03599-ngg0dyn-240x160x100-00f0w010c011r110f110r010t010.jpg\"\/>\n                        <\/a>\n                                                        <\/div>\n            <\/div>\n                        <h4>\n                <a class='ngg-album-desc' title='2004 - Campagne d&#039;affichage Davil Coulthard'\n                       href='https:\/\/www.actioninnocencemonaco.com\/fr\/2004-campagne-daffichage-davil-coulthard\/'style=\"max-width: 260px\">2004 - Campagne d'affichage Davil Coulthard<\/a>\n            <\/h4>\n            <p class=\"ngg-album-gallery-image-counter\">\n                                    <strong>4<\/strong>&nbsp;Photos                            <\/p>\n        <\/div>\n        <br class=\"ngg-clear\"\/>\n    <div class='ngg-clear'><\/div><\/div>\n[\/vc_column_text][\/vc_column][\/vc_row]<\/p>\n","protected":false},"excerpt":{"rendered":"<p>[vc_row][vc_column][ultimate_spacer height=&#8221;10&#8243;][\/vc_column][\/vc_row][vc_row][vc_column][vc_column_text] [\/vc_column_text][\/vc_column][\/vc_row]<\/p>\n","protected":false},"author":1,"featured_media":0,"parent":5800,"menu_order":0,"comment_status":"open","ping_status":"closed","template":"","meta":{"_bbp_topic_count":0,"_bbp_reply_count":0,"_bbp_total_topic_count":0,"_bbp_total_reply_count":0,"_bbp_voice_count":0,"_bbp_anonymous_reply_count":0,"_bbp_topic_count_hidden":0,"_bbp_reply_count_hidden":0,"_bbp_forum_subforum_count":0,"ngg_post_thumbnail":0,"_themeisle_gutenberg_block_has_review":false,"footnotes":""},"yoast_head":"<!-- This site is optimized with the Yoast SEO plugin v22.6 - https:\/\/yoast.com\/wordpress\/plugins\/seo\/ -->\n<title>Photo Gallery - Action Innocence Monaco<\/title>\n<meta name=\"description\" content=\"Action Innocence Monaco informe et de sensibilise les jeunes, les parents et les professionnels sur les risques et les d\u00e9rives li\u00e9s \u00e0 l\u2019usage d\u2019Internet et lutte contre la p\u00e9docriminalit\u00e9 sur Internet.\" class=\"yoast-seo-meta-tag\" \/>\n<meta name=\"robots\" content=\"index, follow, max-snippet:-1, max-image-preview:large, max-video-preview:-1\" \/>\n<link rel=\"canonical\" href=\"https:\/\/www.actioninnocencemonaco.com\/en\/galleries\/photo-gallery\/\" class=\"yoast-seo-meta-tag\" \/>\n<meta property=\"og:locale\" content=\"en_US\" class=\"yoast-seo-meta-tag\" \/>\n<meta property=\"og:type\" content=\"article\" class=\"yoast-seo-meta-tag\" \/>\n<meta property=\"og:title\" content=\"Photo Gallery - Action Innocence Monaco\" class=\"yoast-seo-meta-tag\" \/>\n<meta property=\"og:description\" content=\"Action Innocence Monaco informe et de sensibilise les jeunes, les parents et les professionnels sur les risques et les d\u00e9rives li\u00e9s \u00e0 l\u2019usage d\u2019Internet et lutte contre la p\u00e9docriminalit\u00e9 sur Internet.\" class=\"yoast-seo-meta-tag\" \/>\n<meta property=\"og:url\" content=\"https:\/\/www.actioninnocencemonaco.com\/en\/galleries\/photo-gallery\/\" class=\"yoast-seo-meta-tag\" \/>\n<meta property=\"og:site_name\" content=\"Action Innocence Monaco\" class=\"yoast-seo-meta-tag\" \/>\n<meta property=\"article:publisher\" content=\"https:\/\/www.facebook.com\/actioninnocencemonaco\" class=\"yoast-seo-meta-tag\" \/>\n<meta property=\"article:modified_time\" content=\"2019-11-05T09:11:55+00:00\" class=\"yoast-seo-meta-tag\" \/>\n<meta property=\"og:image\" content=\"https:\/\/mluscajs1eaw.i.optimole.com\/cb:cWFf.40cfa\/w:250\/h:94\/q:mauto\/ig:avif\/f:best\/https:\/\/www.actioninnocencemonaco.com\/wp-content\/uploads\/2021\/02\/logo.png\" class=\"yoast-seo-meta-tag\" \/>\n\t<meta property=\"og:image:width\" content=\"250\" class=\"yoast-seo-meta-tag\" \/>\n\t<meta property=\"og:image:height\" content=\"94\" class=\"yoast-seo-meta-tag\" \/>\n\t<meta property=\"og:image:type\" content=\"image\/png\" class=\"yoast-seo-meta-tag\" \/>\n<meta name=\"twitter:card\" content=\"summary_large_image\" class=\"yoast-seo-meta-tag\" \/>\n<meta name=\"twitter:site\" content=\"@ActionMonaco\" class=\"yoast-seo-meta-tag\" \/>\n<script type=\"application\/ld+json\" class=\"yoast-schema-graph\">{\"@context\":\"https:\/\/schema.org\",\"@graph\":[{\"@type\":\"WebPage\",\"@id\":\"https:\/\/www.actioninnocencemonaco.com\/en\/galleries\/photo-gallery\/\",\"url\":\"https:\/\/www.actioninnocencemonaco.com\/en\/galleries\/photo-gallery\/\",\"name\":\"Photo Gallery - Action Innocence Monaco\",\"isPartOf\":{\"@id\":\"https:\/\/www.actioninnocencemonaco.com\/fr\/#website\"},\"datePublished\":\"2019-10-30T23:11:33+00:00\",\"dateModified\":\"2019-11-05T09:11:55+00:00\",\"description\":\"Action Innocence Monaco informe et de sensibilise les jeunes, les parents et les professionnels sur les risques et les d\u00e9rives li\u00e9s \u00e0 l\u2019usage d\u2019Internet et lutte contre la p\u00e9docriminalit\u00e9 sur Internet.\",\"breadcrumb\":{\"@id\":\"https:\/\/www.actioninnocencemonaco.com\/en\/galleries\/photo-gallery\/#breadcrumb\"},\"inLanguage\":\"en-US\",\"potentialAction\":[{\"@type\":\"ReadAction\",\"target\":[\"https:\/\/www.actioninnocencemonaco.com\/en\/galleries\/photo-gallery\/\"]}]},{\"@type\":\"BreadcrumbList\",\"@id\":\"https:\/\/www.actioninnocencemonaco.com\/en\/galleries\/photo-gallery\/#breadcrumb\",\"itemListElement\":[{\"@type\":\"ListItem\",\"position\":1,\"name\":\"Accueil\",\"item\":\"https:\/\/www.actioninnocencemonaco.com\/en\/\"},{\"@type\":\"ListItem\",\"position\":2,\"name\":\"AIMC &#8211; 6 &#8211; Galleries\",\"item\":\"https:\/\/www.actioninnocencemonaco.com\/en\/galleries\/\"},{\"@type\":\"ListItem\",\"position\":3,\"name\":\"Photo Gallery\"}]},{\"@type\":\"WebSite\",\"@id\":\"https:\/\/www.actioninnocencemonaco.com\/fr\/#website\",\"url\":\"https:\/\/www.actioninnocencemonaco.com\/fr\/\",\"name\":\"Action Innocence Monaco\",\"description\":\"Oui \u00e0 L\u2019Internet, Non \u00e0 ses dangers !\",\"publisher\":{\"@id\":\"https:\/\/www.actioninnocencemonaco.com\/fr\/#organization\"},\"potentialAction\":[{\"@type\":\"SearchAction\",\"target\":{\"@type\":\"EntryPoint\",\"urlTemplate\":\"https:\/\/www.actioninnocencemonaco.com\/fr\/?s={search_term_string}\"},\"query-input\":\"required name=search_term_string\"}],\"inLanguage\":\"en-US\"},{\"@type\":\"Organization\",\"@id\":\"https:\/\/www.actioninnocencemonaco.com\/fr\/#organization\",\"name\":\"Action Innocence Monaco\",\"url\":\"https:\/\/www.actioninnocencemonaco.com\/fr\/\",\"logo\":{\"@type\":\"ImageObject\",\"inLanguage\":\"en-US\",\"@id\":\"https:\/\/www.actioninnocencemonaco.com\/fr\/#\/schema\/logo\/image\/\",\"url\":\"https:\/\/mluscajs1eaw.i.optimole.com\/cb:cWFf.40cfa\/w:auto\/h:auto\/q:mauto\/ig:avif\/f:best\/https:\/\/www.actioninnocencemonaco.com\/wp-content\/uploads\/2019\/10\/logo.png\",\"contentUrl\":\"https:\/\/mluscajs1eaw.i.optimole.com\/cb:cWFf.40cfa\/w:auto\/h:auto\/q:mauto\/ig:avif\/f:best\/https:\/\/www.actioninnocencemonaco.com\/wp-content\/uploads\/2019\/10\/logo.png\",\"width\":250,\"height\":94,\"caption\":\"Action Innocence Monaco\"},\"image\":{\"@id\":\"https:\/\/www.actioninnocencemonaco.com\/fr\/#\/schema\/logo\/image\/\"},\"sameAs\":[\"https:\/\/www.facebook.com\/actioninnocencemonaco\",\"https:\/\/x.com\/ActionMonaco\",\"https:\/\/www.instagram.com\/action_innocence_monaco\/\",\"https:\/\/www.linkedin.com\/in\/action-innocence-monaco-29219a198\",\"https:\/\/www.youtube.com\/channel\/UCgDybl4ueHSrLRc0_9E1R8g\"]}]}<\/script>\n<!-- \/ Yoast SEO plugin. -->","yoast_head_json":{"title":"Photo Gallery - Action Innocence Monaco","description":"Action Innocence Monaco informe et de sensibilise les jeunes, les parents et les professionnels sur les risques et les d\u00e9rives li\u00e9s \u00e0 l\u2019usage d\u2019Internet et lutte contre la p\u00e9docriminalit\u00e9 sur Internet.","robots":{"index":"index","follow":"follow","max-snippet":"max-snippet:-1","max-image-preview":"max-image-preview:large","max-video-preview":"max-video-preview:-1"},"canonical":"https:\/\/www.actioninnocencemonaco.com\/en\/galleries\/photo-gallery\/","og_locale":"en_US","og_type":"article","og_title":"Photo Gallery - Action Innocence Monaco","og_description":"Action Innocence Monaco informe et de sensibilise les jeunes, les parents et les professionnels sur les risques et les d\u00e9rives li\u00e9s \u00e0 l\u2019usage d\u2019Internet et lutte contre la p\u00e9docriminalit\u00e9 sur Internet.","og_url":"https:\/\/www.actioninnocencemonaco.com\/en\/galleries\/photo-gallery\/","og_site_name":"Action Innocence Monaco","article_publisher":"https:\/\/www.facebook.com\/actioninnocencemonaco","article_modified_time":"2019-11-05T09:11:55+00:00","og_image":[{"width":250,"height":94,"url":"https:\/\/mluscajs1eaw.i.optimole.com\/cb:cWFf.40cfa\/w:250\/h:94\/q:mauto\/ig:avif\/f:best\/https:\/\/www.actioninnocencemonaco.com\/wp-content\/uploads\/2021\/02\/logo.png","type":"image\/png"}],"twitter_card":"summary_large_image","twitter_site":"@ActionMonaco","schema":{"@context":"https:\/\/schema.org","@graph":[{"@type":"WebPage","@id":"https:\/\/www.actioninnocencemonaco.com\/en\/galleries\/photo-gallery\/","url":"https:\/\/www.actioninnocencemonaco.com\/en\/galleries\/photo-gallery\/","name":"Photo Gallery - Action Innocence Monaco","isPartOf":{"@id":"https:\/\/www.actioninnocencemonaco.com\/fr\/#website"},"datePublished":"2019-10-30T23:11:33+00:00","dateModified":"2019-11-05T09:11:55+00:00","description":"Action Innocence Monaco informe et de sensibilise les jeunes, les parents et les professionnels sur les risques et les d\u00e9rives li\u00e9s \u00e0 l\u2019usage d\u2019Internet et lutte contre la p\u00e9docriminalit\u00e9 sur Internet.","breadcrumb":{"@id":"https:\/\/www.actioninnocencemonaco.com\/en\/galleries\/photo-gallery\/#breadcrumb"},"inLanguage":"en-US","potentialAction":[{"@type":"ReadAction","target":["https:\/\/www.actioninnocencemonaco.com\/en\/galleries\/photo-gallery\/"]}]},{"@type":"BreadcrumbList","@id":"https:\/\/www.actioninnocencemonaco.com\/en\/galleries\/photo-gallery\/#breadcrumb","itemListElement":[{"@type":"ListItem","position":1,"name":"Accueil","item":"https:\/\/www.actioninnocencemonaco.com\/en\/"},{"@type":"ListItem","position":2,"name":"AIMC &#8211; 6 &#8211; Galleries","item":"https:\/\/www.actioninnocencemonaco.com\/en\/galleries\/"},{"@type":"ListItem","position":3,"name":"Photo Gallery"}]},{"@type":"WebSite","@id":"https:\/\/www.actioninnocencemonaco.com\/fr\/#website","url":"https:\/\/www.actioninnocencemonaco.com\/fr\/","name":"Action Innocence Monaco","description":"Oui \u00e0 L\u2019Internet, Non \u00e0 ses dangers !","publisher":{"@id":"https:\/\/www.actioninnocencemonaco.com\/fr\/#organization"},"potentialAction":[{"@type":"SearchAction","target":{"@type":"EntryPoint","urlTemplate":"https:\/\/www.actioninnocencemonaco.com\/fr\/?s={search_term_string}"},"query-input":"required name=search_term_string"}],"inLanguage":"en-US"},{"@type":"Organization","@id":"https:\/\/www.actioninnocencemonaco.com\/fr\/#organization","name":"Action Innocence Monaco","url":"https:\/\/www.actioninnocencemonaco.com\/fr\/","logo":{"@type":"ImageObject","inLanguage":"en-US","@id":"https:\/\/www.actioninnocencemonaco.com\/fr\/#\/schema\/logo\/image\/","url":"https:\/\/mluscajs1eaw.i.optimole.com\/cb:cWFf.40cfa\/w:auto\/h:auto\/q:mauto\/ig:avif\/f:best\/https:\/\/www.actioninnocencemonaco.com\/wp-content\/uploads\/2019\/10\/logo.png","contentUrl":"https:\/\/mluscajs1eaw.i.optimole.com\/cb:cWFf.40cfa\/w:auto\/h:auto\/q:mauto\/ig:avif\/f:best\/https:\/\/www.actioninnocencemonaco.com\/wp-content\/uploads\/2019\/10\/logo.png","width":250,"height":94,"caption":"Action Innocence Monaco"},"image":{"@id":"https:\/\/www.actioninnocencemonaco.com\/fr\/#\/schema\/logo\/image\/"},"sameAs":["https:\/\/www.facebook.com\/actioninnocencemonaco","https:\/\/x.com\/ActionMonaco","https:\/\/www.instagram.com\/action_innocence_monaco\/","https:\/\/www.linkedin.com\/in\/action-innocence-monaco-29219a198","https:\/\/www.youtube.com\/channel\/UCgDybl4ueHSrLRc0_9E1R8g"]}]}},"_links":{"self":[{"href":"https:\/\/www.actioninnocencemonaco.com\/en\/wp-json\/wp\/v2\/pages\/5823\/"}],"collection":[{"href":"https:\/\/www.actioninnocencemonaco.com\/en\/wp-json\/wp\/v2\/pages\/"}],"about":[{"href":"https:\/\/www.actioninnocencemonaco.com\/en\/wp-json\/wp\/v2\/types\/page\/"}],"author":[{"embeddable":true,"href":"https:\/\/www.actioninnocencemonaco.com\/en\/wp-json\/wp\/v2\/users\/1\/"}],"replies":[{"embeddable":true,"href":"https:\/\/www.actioninnocencemonaco.com\/en\/wp-json\/wp\/v2\/comments\/?post=5823"}],"version-history":[{"count":0,"href":"https:\/\/www.actioninnocencemonaco.com\/en\/wp-json\/wp\/v2\/pages\/5823\/revisions\/"}],"up":[{"embeddable":true,"href":"https:\/\/www.actioninnocencemonaco.com\/en\/wp-json\/wp\/v2\/pages\/5800\/"}],"wp:attachment":[{"href":"https:\/\/www.actioninnocencemonaco.com\/en\/wp-json\/wp\/v2\/media\/?parent=5823"}],"curies":[{"name":"wp","href":"https:\/\/api.w.org\/{rel}","templated":true}]}}