{"id":5427,"date":"2019-10-15T18:27:59","date_gmt":"2019-10-15T16:27:59","guid":{"rendered":"http:\/\/www.aimc.mms.mc\/?page_id=5427"},"modified":"2019-11-05T10:05:19","modified_gmt":"2019-11-05T09:05:19","slug":"testimonies","status":"publish","type":"page","link":"https:\/\/www.actioninnocencemonaco.com\/en\/association\/testimonies\/","title":{"rendered":"Testimonies"},"content":{"rendered":"<p>[vc_row][vc_column]<h1 class=\"hr-title\">Testimonies<\/h1>[ultimate_spacer height=&#8221;10&#8243;][\/vc_column][\/vc_row][vc_row][vc_column][vc_column_text]<\/p>\n<ul>\n<li><em>\u00ab Very good association that allows us to avoid day-to-day risks. Thanks again for your kindness and all the best! \u00bb<\/em>&nbsp;<strong>Family Zw<\/strong><\/li>\n<li><em>You are out of the ordinary !!! An association in sync with today\u2019s virtual reality! You are spot on! Please continue \u2026 \u00bb<\/em>&nbsp;<strong>Mr A.<\/strong><\/li>\n<li><em>This conference on the dangers of the web made me feel concerned as I often use social media forums or games online. I was aware of those threats, but this has warned me even more. I have already had problems on the internet: weird strangers coming on to me. I am very careful now. \u00bb<\/em>&nbsp;<strong>Lisa, 15 years old (2014).<\/strong><\/li>\n<li><em>\u00ab I spend two hours a night on social media. I have already heard stories that end badly, most of all on forums, following insults or harassment. Personally, I would laugh it off, but some people can find it difficult. When I was watching the video of the young guy everybody was laughing at, it opened my eyes. Sometimes, we do not realise the consequences that type of behaviour can have<\/em>&nbsp;\u00bb.&nbsp;<strong>Icaro, 16 years old (2014)<\/strong><\/li>\n<li><em>\u00ab The program, based on an interactive and funny method, triggered spontaneous and profound questions and answers between the young pupils and the speaker (\u2026) The message was very well received judging by the youngsters\u2019 comments following the meeting: A+, 20\/20! \u00bb<\/em>&nbsp;<strong>Isabelle Varitto, Nice matin journalist (2014)<\/strong><\/li>\n<li><em>\u00ab THANK YOU FOR YOUR MESSAGE !!!!!! It is very enriching to have an echo as well as a suggestion that will, I hope, help motivate those that are most interested in doing even more to avoid harassment between peers. It is very kind of you to have taken the time to answer our questions with so much information. \u00bb<\/em>&nbsp;<strong>Person in charge of the media library.<\/strong><\/li>\n<li><em>\u00ab Congratulations on your association! You are so right about all that is happening on the internet! \u00bb<\/em>&nbsp;<strong>Clara, young student.<\/strong><\/li>\n<li><em>\u00ab Very good association. A very good welcome and a lot of courage from the association. Good luck and all the best! \u00bb<\/em>&nbsp;<strong>A young delegated student<\/strong><\/li>\n<li><em>\u00ab Thank you for your kind message, thank you for your great talks: rich within the reach of the public, enriching for us and so right \u2026 Thank you for your adaptability and thank you for your strict professionalism \u00bb<\/em>&nbsp;<strong>message sent to the psychologist in charge of preventions by a project coordinator. (2014)<\/strong><\/li>\n<li><em>\u00ab I am happy to have participated in the suggested games!! It was great! \u00bb<\/em>&nbsp;<strong>Laure-Lyne, young student that participated in the events of the Children Rights\u2019 Day in 2011.<\/strong><\/li>\n<li><em>\u00ab I would like adults to be kinder and protect us instead of annoying us \u2026 \u00bb<\/em>&nbsp;<strong>Kevin, 9 years old.<\/strong><\/li>\n<li><em>\u00ab My wish is to protect the internet\u2019s youth and I would like the internet to be protected and secured and programmes screened \u00bb<\/em>&nbsp;<strong>A primary school pupil<\/strong>.<\/li>\n<li><em>\u00ab I am 10 years old and my father does not want me to go on the internet. \u00bb<\/em>&nbsp;<strong>Julien<\/strong>.<\/li>\n<\/ul>\n<p>[\/vc_column_text][\/vc_column][\/vc_row]<\/p>\n","protected":false},"excerpt":{"rendered":"<p>[vc_row][vc_column][ultimate_spacer height=&#8221;10&#8243;][\/vc_column][\/vc_row][vc_row][vc_column][vc_column_text] \u00ab Very good association that allows us to avoid day-to-day risks. Thanks again for your kindness and all the best! \u00bb&nbsp;Family Zw You are out of the ordinary !!! An association in sync with today\u2019s virtual reality! You are spot on! Please continue \u2026 \u00bb&nbsp;Mr A. This conference on the dangers of the [&hellip;]<\/p>\n","protected":false},"author":1,"featured_media":0,"parent":5307,"menu_order":0,"comment_status":"open","ping_status":"closed","template":"","meta":{"_bbp_topic_count":0,"_bbp_reply_count":0,"_bbp_total_topic_count":0,"_bbp_total_reply_count":0,"_bbp_voice_count":0,"_bbp_anonymous_reply_count":0,"_bbp_topic_count_hidden":0,"_bbp_reply_count_hidden":0,"_bbp_forum_subforum_count":0,"ngg_post_thumbnail":0,"_themeisle_gutenberg_block_has_review":false,"footnotes":""},"yoast_head":"<!-- This site is optimized with the Yoast SEO plugin v22.6 - https:\/\/yoast.com\/wordpress\/plugins\/seo\/ -->\n<title>Testimonies - Action Innocence Monaco<\/title>\n<meta name=\"description\" content=\"Action Innocence Monaco informe et de sensibilise les jeunes, les parents et les professionnels sur les risques et les d\u00e9rives li\u00e9s \u00e0 l\u2019usage d\u2019Internet et lutte contre la p\u00e9docriminalit\u00e9 sur Internet.\" class=\"yoast-seo-meta-tag\" \/>\n<meta name=\"robots\" content=\"index, follow, max-snippet:-1, max-image-preview:large, max-video-preview:-1\" \/>\n<link rel=\"canonical\" href=\"https:\/\/www.actioninnocencemonaco.com\/en\/association\/testimonies\/\" class=\"yoast-seo-meta-tag\" \/>\n<meta property=\"og:locale\" content=\"en_US\" class=\"yoast-seo-meta-tag\" \/>\n<meta property=\"og:type\" content=\"article\" class=\"yoast-seo-meta-tag\" \/>\n<meta property=\"og:title\" content=\"Testimonies - Action Innocence Monaco\" class=\"yoast-seo-meta-tag\" \/>\n<meta property=\"og:description\" content=\"Action Innocence Monaco informe et de sensibilise les jeunes, les parents et les professionnels sur les risques et les d\u00e9rives li\u00e9s \u00e0 l\u2019usage d\u2019Internet et lutte contre la p\u00e9docriminalit\u00e9 sur Internet.\" class=\"yoast-seo-meta-tag\" \/>\n<meta property=\"og:url\" content=\"https:\/\/www.actioninnocencemonaco.com\/en\/association\/testimonies\/\" class=\"yoast-seo-meta-tag\" \/>\n<meta property=\"og:site_name\" content=\"Action Innocence Monaco\" class=\"yoast-seo-meta-tag\" \/>\n<meta property=\"article:publisher\" content=\"https:\/\/www.facebook.com\/actioninnocencemonaco\" class=\"yoast-seo-meta-tag\" \/>\n<meta property=\"article:modified_time\" content=\"2019-11-05T09:05:19+00:00\" class=\"yoast-seo-meta-tag\" \/>\n<meta property=\"og:image\" content=\"https:\/\/mluscajs1eaw.i.optimole.com\/cb:cWFf.40cfa\/w:250\/h:94\/q:mauto\/ig:avif\/f:best\/https:\/\/www.actioninnocencemonaco.com\/wp-content\/uploads\/2021\/02\/logo.png\" class=\"yoast-seo-meta-tag\" \/>\n\t<meta property=\"og:image:width\" content=\"250\" class=\"yoast-seo-meta-tag\" \/>\n\t<meta property=\"og:image:height\" content=\"94\" class=\"yoast-seo-meta-tag\" \/>\n\t<meta property=\"og:image:type\" content=\"image\/png\" class=\"yoast-seo-meta-tag\" \/>\n<meta name=\"twitter:card\" content=\"summary_large_image\" class=\"yoast-seo-meta-tag\" \/>\n<meta name=\"twitter:site\" content=\"@ActionMonaco\" class=\"yoast-seo-meta-tag\" \/>\n<meta name=\"twitter:label1\" content=\"Est. reading time\" class=\"yoast-seo-meta-tag\" \/>\n\t<meta name=\"twitter:data1\" content=\"3 minutes\" class=\"yoast-seo-meta-tag\" \/>\n<script type=\"application\/ld+json\" class=\"yoast-schema-graph\">{\"@context\":\"https:\/\/schema.org\",\"@graph\":[{\"@type\":\"WebPage\",\"@id\":\"https:\/\/www.actioninnocencemonaco.com\/en\/association\/testimonies\/\",\"url\":\"https:\/\/www.actioninnocencemonaco.com\/en\/association\/testimonies\/\",\"name\":\"Testimonies - Action Innocence Monaco\",\"isPartOf\":{\"@id\":\"https:\/\/www.actioninnocencemonaco.com\/fr\/#website\"},\"datePublished\":\"2019-10-15T16:27:59+00:00\",\"dateModified\":\"2019-11-05T09:05:19+00:00\",\"description\":\"Action Innocence Monaco informe et de sensibilise les jeunes, les parents et les professionnels sur les risques et les d\u00e9rives li\u00e9s \u00e0 l\u2019usage d\u2019Internet et lutte contre la p\u00e9docriminalit\u00e9 sur Internet.\",\"breadcrumb\":{\"@id\":\"https:\/\/www.actioninnocencemonaco.com\/en\/association\/testimonies\/#breadcrumb\"},\"inLanguage\":\"en-US\",\"potentialAction\":[{\"@type\":\"ReadAction\",\"target\":[\"https:\/\/www.actioninnocencemonaco.com\/en\/association\/testimonies\/\"]}]},{\"@type\":\"BreadcrumbList\",\"@id\":\"https:\/\/www.actioninnocencemonaco.com\/en\/association\/testimonies\/#breadcrumb\",\"itemListElement\":[{\"@type\":\"ListItem\",\"position\":1,\"name\":\"Accueil\",\"item\":\"https:\/\/www.actioninnocencemonaco.com\/en\/\"},{\"@type\":\"ListItem\",\"position\":2,\"name\":\"AIMC &#8211; 1 &#8211; Association\",\"item\":\"https:\/\/www.actioninnocencemonaco.com\/en\/association\/\"},{\"@type\":\"ListItem\",\"position\":3,\"name\":\"Testimonies\"}]},{\"@type\":\"WebSite\",\"@id\":\"https:\/\/www.actioninnocencemonaco.com\/fr\/#website\",\"url\":\"https:\/\/www.actioninnocencemonaco.com\/fr\/\",\"name\":\"Action Innocence Monaco\",\"description\":\"Oui \u00e0 L\u2019Internet, Non \u00e0 ses dangers !\",\"publisher\":{\"@id\":\"https:\/\/www.actioninnocencemonaco.com\/fr\/#organization\"},\"potentialAction\":[{\"@type\":\"SearchAction\",\"target\":{\"@type\":\"EntryPoint\",\"urlTemplate\":\"https:\/\/www.actioninnocencemonaco.com\/fr\/?s={search_term_string}\"},\"query-input\":\"required name=search_term_string\"}],\"inLanguage\":\"en-US\"},{\"@type\":\"Organization\",\"@id\":\"https:\/\/www.actioninnocencemonaco.com\/fr\/#organization\",\"name\":\"Action Innocence Monaco\",\"url\":\"https:\/\/www.actioninnocencemonaco.com\/fr\/\",\"logo\":{\"@type\":\"ImageObject\",\"inLanguage\":\"en-US\",\"@id\":\"https:\/\/www.actioninnocencemonaco.com\/fr\/#\/schema\/logo\/image\/\",\"url\":\"https:\/\/mluscajs1eaw.i.optimole.com\/cb:cWFf.40cfa\/w:auto\/h:auto\/q:mauto\/ig:avif\/f:best\/https:\/\/www.actioninnocencemonaco.com\/wp-content\/uploads\/2019\/10\/logo.png\",\"contentUrl\":\"https:\/\/mluscajs1eaw.i.optimole.com\/cb:cWFf.40cfa\/w:auto\/h:auto\/q:mauto\/ig:avif\/f:best\/https:\/\/www.actioninnocencemonaco.com\/wp-content\/uploads\/2019\/10\/logo.png\",\"width\":250,\"height\":94,\"caption\":\"Action Innocence Monaco\"},\"image\":{\"@id\":\"https:\/\/www.actioninnocencemonaco.com\/fr\/#\/schema\/logo\/image\/\"},\"sameAs\":[\"https:\/\/www.facebook.com\/actioninnocencemonaco\",\"https:\/\/x.com\/ActionMonaco\",\"https:\/\/www.instagram.com\/action_innocence_monaco\/\",\"https:\/\/www.linkedin.com\/in\/action-innocence-monaco-29219a198\",\"https:\/\/www.youtube.com\/channel\/UCgDybl4ueHSrLRc0_9E1R8g\"]}]}<\/script>\n<!-- \/ Yoast SEO plugin. -->","yoast_head_json":{"title":"Testimonies - Action Innocence Monaco","description":"Action Innocence Monaco informe et de sensibilise les jeunes, les parents et les professionnels sur les risques et les d\u00e9rives li\u00e9s \u00e0 l\u2019usage d\u2019Internet et lutte contre la p\u00e9docriminalit\u00e9 sur Internet.","robots":{"index":"index","follow":"follow","max-snippet":"max-snippet:-1","max-image-preview":"max-image-preview:large","max-video-preview":"max-video-preview:-1"},"canonical":"https:\/\/www.actioninnocencemonaco.com\/en\/association\/testimonies\/","og_locale":"en_US","og_type":"article","og_title":"Testimonies - Action Innocence Monaco","og_description":"Action Innocence Monaco informe et de sensibilise les jeunes, les parents et les professionnels sur les risques et les d\u00e9rives li\u00e9s \u00e0 l\u2019usage d\u2019Internet et lutte contre la p\u00e9docriminalit\u00e9 sur Internet.","og_url":"https:\/\/www.actioninnocencemonaco.com\/en\/association\/testimonies\/","og_site_name":"Action Innocence Monaco","article_publisher":"https:\/\/www.facebook.com\/actioninnocencemonaco","article_modified_time":"2019-11-05T09:05:19+00:00","og_image":[{"width":250,"height":94,"url":"https:\/\/mluscajs1eaw.i.optimole.com\/cb:cWFf.40cfa\/w:250\/h:94\/q:mauto\/ig:avif\/f:best\/https:\/\/www.actioninnocencemonaco.com\/wp-content\/uploads\/2021\/02\/logo.png","type":"image\/png"}],"twitter_card":"summary_large_image","twitter_site":"@ActionMonaco","twitter_misc":{"Est. reading time":"3 minutes"},"schema":{"@context":"https:\/\/schema.org","@graph":[{"@type":"WebPage","@id":"https:\/\/www.actioninnocencemonaco.com\/en\/association\/testimonies\/","url":"https:\/\/www.actioninnocencemonaco.com\/en\/association\/testimonies\/","name":"Testimonies - Action Innocence Monaco","isPartOf":{"@id":"https:\/\/www.actioninnocencemonaco.com\/fr\/#website"},"datePublished":"2019-10-15T16:27:59+00:00","dateModified":"2019-11-05T09:05:19+00:00","description":"Action Innocence Monaco informe et de sensibilise les jeunes, les parents et les professionnels sur les risques et les d\u00e9rives li\u00e9s \u00e0 l\u2019usage d\u2019Internet et lutte contre la p\u00e9docriminalit\u00e9 sur Internet.","breadcrumb":{"@id":"https:\/\/www.actioninnocencemonaco.com\/en\/association\/testimonies\/#breadcrumb"},"inLanguage":"en-US","potentialAction":[{"@type":"ReadAction","target":["https:\/\/www.actioninnocencemonaco.com\/en\/association\/testimonies\/"]}]},{"@type":"BreadcrumbList","@id":"https:\/\/www.actioninnocencemonaco.com\/en\/association\/testimonies\/#breadcrumb","itemListElement":[{"@type":"ListItem","position":1,"name":"Accueil","item":"https:\/\/www.actioninnocencemonaco.com\/en\/"},{"@type":"ListItem","position":2,"name":"AIMC &#8211; 1 &#8211; Association","item":"https:\/\/www.actioninnocencemonaco.com\/en\/association\/"},{"@type":"ListItem","position":3,"name":"Testimonies"}]},{"@type":"WebSite","@id":"https:\/\/www.actioninnocencemonaco.com\/fr\/#website","url":"https:\/\/www.actioninnocencemonaco.com\/fr\/","name":"Action Innocence Monaco","description":"Oui \u00e0 L\u2019Internet, Non \u00e0 ses dangers !","publisher":{"@id":"https:\/\/www.actioninnocencemonaco.com\/fr\/#organization"},"potentialAction":[{"@type":"SearchAction","target":{"@type":"EntryPoint","urlTemplate":"https:\/\/www.actioninnocencemonaco.com\/fr\/?s={search_term_string}"},"query-input":"required name=search_term_string"}],"inLanguage":"en-US"},{"@type":"Organization","@id":"https:\/\/www.actioninnocencemonaco.com\/fr\/#organization","name":"Action Innocence Monaco","url":"https:\/\/www.actioninnocencemonaco.com\/fr\/","logo":{"@type":"ImageObject","inLanguage":"en-US","@id":"https:\/\/www.actioninnocencemonaco.com\/fr\/#\/schema\/logo\/image\/","url":"https:\/\/mluscajs1eaw.i.optimole.com\/cb:cWFf.40cfa\/w:auto\/h:auto\/q:mauto\/ig:avif\/f:best\/https:\/\/www.actioninnocencemonaco.com\/wp-content\/uploads\/2019\/10\/logo.png","contentUrl":"https:\/\/mluscajs1eaw.i.optimole.com\/cb:cWFf.40cfa\/w:auto\/h:auto\/q:mauto\/ig:avif\/f:best\/https:\/\/www.actioninnocencemonaco.com\/wp-content\/uploads\/2019\/10\/logo.png","width":250,"height":94,"caption":"Action Innocence Monaco"},"image":{"@id":"https:\/\/www.actioninnocencemonaco.com\/fr\/#\/schema\/logo\/image\/"},"sameAs":["https:\/\/www.facebook.com\/actioninnocencemonaco","https:\/\/x.com\/ActionMonaco","https:\/\/www.instagram.com\/action_innocence_monaco\/","https:\/\/www.linkedin.com\/in\/action-innocence-monaco-29219a198","https:\/\/www.youtube.com\/channel\/UCgDybl4ueHSrLRc0_9E1R8g"]}]}},"_links":{"self":[{"href":"https:\/\/www.actioninnocencemonaco.com\/en\/wp-json\/wp\/v2\/pages\/5427\/"}],"collection":[{"href":"https:\/\/www.actioninnocencemonaco.com\/en\/wp-json\/wp\/v2\/pages\/"}],"about":[{"href":"https:\/\/www.actioninnocencemonaco.com\/en\/wp-json\/wp\/v2\/types\/page\/"}],"author":[{"embeddable":true,"href":"https:\/\/www.actioninnocencemonaco.com\/en\/wp-json\/wp\/v2\/users\/1\/"}],"replies":[{"embeddable":true,"href":"https:\/\/www.actioninnocencemonaco.com\/en\/wp-json\/wp\/v2\/comments\/?post=5427"}],"version-history":[{"count":0,"href":"https:\/\/www.actioninnocencemonaco.com\/en\/wp-json\/wp\/v2\/pages\/5427\/revisions\/"}],"up":[{"embeddable":true,"href":"https:\/\/www.actioninnocencemonaco.com\/en\/wp-json\/wp\/v2\/pages\/5307\/"}],"wp:attachment":[{"href":"https:\/\/www.actioninnocencemonaco.com\/en\/wp-json\/wp\/v2\/media\/?parent=5427"}],"curies":[{"name":"wp","href":"https:\/\/api.w.org\/{rel}","templated":true}]}}